{"id":1336,"date":"2024-12-17T12:09:02","date_gmt":"2024-12-17T12:09:02","guid":{"rendered":"https:\/\/imagingpeace.org\/?page_id=1336"},"modified":"2025-01-18T14:55:33","modified_gmt":"2025-01-18T14:55:33","slug":"belfast-exposed-es","status":"publish","type":"page","link":"https:\/\/imagingpeace.org\/index.php\/belfast-exposed-es\/","title":{"rendered":"Belfast Exposed ES"},"content":{"rendered":"<p>[et_pb_section fb_built=&#8221;1&#8243; _builder_version=&#8221;4.27.0&#8243; _module_preset=&#8221;default&#8221; locked=&#8221;off&#8221; global_colors_info=&#8221;{}&#8221;][et_pb_row _builder_version=&#8221;4.27.0&#8243; _module_preset=&#8221;default&#8221; global_colors_info=&#8221;{}&#8221;][et_pb_column type=&#8221;4_4&#8243; _builder_version=&#8221;4.27.0&#8243; _module_preset=&#8221;default&#8221; global_colors_info=&#8221;{}&#8221;][et_pb_text _builder_version=&#8221;4.27.4&#8243; _module_preset=&#8221;fd80ea1f-03fe-4ac4-ba0f-f688556267b2&#8243; locked=&#8221;off&#8221; global_colors_info=&#8221;{}&#8221;]<\/p>\n<p><a href=\"https:\/\/imagingpeace.org\/index.php\/peace-photography-projects\/\">PROJECTS<\/a> | <a href=\"https:\/\/imagingpeace.org\/index.php\/belfast-exposed\">ENGLISH<\/a>\u00a0 |\u00a0 <a href=\"https:\/\/imagingpeace.org\/index.php\/belfast-exposed-es\/\" title=\"Esp\">ESPA\u00d1OL<\/a>\u00a0 |\u00a0 <a href=\"https:\/\/imagingpeace.org\/index.php\/belfast-exposed-fr\/\">FRAN\u00c7AIS<\/a><\/p>\n<p>[\/et_pb_text][et_pb_text admin_label=&#8221;Title&#8221; _builder_version=&#8221;4.27.0&#8243; _module_preset=&#8221;default&#8221; header_font_size=&#8221;54px&#8221; custom_margin=&#8221;||8px||false|false&#8221; global_colors_info=&#8221;{}&#8221;]<\/p>\n<h1 style=\"text-align: left;\"><strong>Belfast Exposed (ES)<\/strong><\/h1>\n<p>[\/et_pb_text][et_pb_text admin_label=&#8221;Title&#8221; _builder_version=&#8221;4.27.4&#8243; _module_preset=&#8221;default&#8221; header_3_font_size=&#8221;24px&#8221; header_3_line_height=&#8221;0.8em&#8221; global_colors_info=&#8221;{}&#8221;]<\/p>\n<h3>Pa\u00eds: <strong style=\"font-family: var(--et_global_heading_font),serif; font-size: 24px;\">Irlanda del Norte<\/strong><\/h3>\n<h3>Participantes:<strong> Varios grupos comunitarios en Belfast e Irlanda del Norte<\/strong><\/h3>\n<p>[\/et_pb_text][\/et_pb_column][\/et_pb_row][et_pb_row _builder_version=&#8221;4.27.0&#8243; _module_preset=&#8221;default&#8221; width=&#8221;100%&#8221; max_width=&#8221;1700px&#8221; custom_padding=&#8221;2px||1px|||&#8221; global_colors_info=&#8221;{}&#8221;][et_pb_column type=&#8221;4_4&#8243; _builder_version=&#8221;4.27.0&#8243; _module_preset=&#8221;default&#8221; global_colors_info=&#8221;{}&#8221;][et_pb_slider _builder_version=&#8221;4.27.0&#8243; _module_preset=&#8221;default&#8221; custom_margin=&#8221;||18px|||&#8221; custom_padding=&#8221;||665px|||&#8221; global_colors_info=&#8221;{}&#8221;][et_pb_slide _builder_version=&#8221;4.27.0&#8243; _module_preset=&#8221;default&#8221; background_color=&#8221;#969696&#8243; background_enable_color=&#8221;on&#8221; background_image=&#8221;https:\/\/imagingpeace.org\/wp-content\/uploads\/2024\/08\/Jim.jpg&#8221; background_enable_image=&#8221;on&#8221; width=&#8221;100%&#8221; width_tablet=&#8221;100%&#8221; width_phone=&#8221;0%&#8221; width_last_edited=&#8221;on|phone&#8221; max_width_tablet=&#8221;&#8221; max_width_phone=&#8221;100%&#8221; max_width_last_edited=&#8221;on|phone&#8221; global_colors_info=&#8221;{}&#8221; sticky_transition=&#8221;on&#8221;][\/et_pb_slide][\/et_pb_slider][\/et_pb_column][\/et_pb_row][et_pb_row _builder_version=&#8221;4.27.0&#8243; _module_preset=&#8221;default&#8221; custom_margin=&#8221;-3px|auto|26px|auto||&#8221; custom_padding=&#8221;1px||5px|||&#8221; global_colors_info=&#8221;{}&#8221;][et_pb_column type=&#8221;4_4&#8243; _builder_version=&#8221;4.27.0&#8243; _module_preset=&#8221;default&#8221; global_colors_info=&#8221;{}&#8221;][et_pb_text _builder_version=&#8221;4.27.4&#8243; _module_preset=&#8221;default&#8221; text_font=&#8221;Actor|&#8211;et_global_body_font_weight|||||||&#8221; text_line_height=&#8221;1.8em&#8221; header_5_font=&#8221;Antic Slab|&#8211;et_global_heading_font_weight|||||||&#8221; header_5_font_size=&#8221;15px&#8221; custom_margin=&#8221;2px||||false|false&#8221; custom_padding=&#8221;2px|0px||58px||&#8221; global_colors_info=&#8221;{}&#8221;]<\/p>\n<h5 style=\"text-align: right;\">Jim fue soldado durante las d\u00e9cadas de violento conflicto en Irlanda del Norte, a menudo conocido como \u2018Los Troubles\u2019 en ingl\u00e9s. Sufr\u00eda de trastorno de estr\u00e9s postraum\u00e1tico (TEPT), tuvo una crisis nerviosa y trabaj\u00f3 con Belfast Exposed haciendo fotograf\u00eda terap\u00e9utica como parte de su proceso de recuperaci\u00f3n. Jim utiliz\u00f3 im\u00e1genes del archivo de Belfast Exposed para revisitar &#8220;visualmente&#8221; de forma segura lugares que hab\u00eda patrullado cerca de la frontera y que hab\u00edan representado momentos especialmente estresantes de su vida.<\/h5>\n<h5 style=\"text-align: right;\">Cuando se sinti\u00f3 preparado, pudo volver a esas zonas y volver a fotografiarlas. Tomar el control de la c\u00e1mara y cambiar su forma de ver y entender estos lugares permiti\u00f3 a Jim aceptar de nuevo su pasado&#8217;.<\/h5>\n<h5 style=\"text-align: right;\"><strong>Forkhill, County Armagh \u00a9 Jim \/ Belfast Exposed<\/strong><\/h5>\n<p>[\/et_pb_text][\/et_pb_column][\/et_pb_row][et_pb_row _builder_version=&#8221;4.27.0&#8243; _module_preset=&#8221;default&#8221; custom_padding=&#8221;24px||6px|||&#8221; global_colors_info=&#8221;{}&#8221;][et_pb_column type=&#8221;4_4&#8243; _builder_version=&#8221;4.27.0&#8243; _module_preset=&#8221;default&#8221; global_colors_info=&#8221;{}&#8221;][et_pb_text _builder_version=&#8221;4.27.0&#8243; _module_preset=&#8221;default&#8221; text_font=&#8221;&#8211;et_global_body_font|300|||||||&#8221; text_font_size=&#8221;22px&#8221; text_line_height=&#8221;1.2em&#8221; width=&#8221;100%&#8221; custom_margin=&#8221;||10px||false|false&#8221; custom_padding=&#8221;|0px||||&#8221; global_colors_info=&#8221;{}&#8221;]<\/p>\n<p><a href=\"https:\/\/www.belfastexposed.org\/community-work\/\" target=\"_blank\" rel=\"noopener\"><strong><em>Belfast Exposed<\/em><\/strong><\/a>, la principal galer\u00eda fotogr\u00e1fica de Irlanda del Norte, fue fundada en 1983 por un grupo de fot\u00f3grafos locales de Belfast frustrados por c\u00f3mo la cobertura medi\u00e1tica del conflicto norirland\u00e9s (The Troubles) no logr\u00f3 capturar las experiencias comunitarias del conflicto. Desde el principio trabajaron activamente con grupos comunitarios a trav\u00e9s de la divisi\u00f3n sectaria, organizando talleres, capacitaci\u00f3n y proyectos de fotograf\u00eda. D\u00e9cadas despu\u00e9s, sus proyectos de participaci\u00f3n comunitaria siguen prosperando.<\/p>\n<p>Despu\u00e9s de haber trabajado en cientos de proyectos durante m\u00e1s de 35 a\u00f1os con una gama tan diversa de personas, desde grupos de j\u00f3venes, refugiados, prisioneros y jubilados hasta organizaciones comunitarias y comunidades rurales, el trabajo comunitario de Belfast Exposed ofrece una visi\u00f3n \u00fanica de las pr\u00e1cticas fotogr\u00e1ficas comprometidas con la comunidad a lo largo del tiempo, a medida que Irlanda del Norte ha ido saliendo de los disturbios.\u00a0<\/p>\n<p>[\/et_pb_text][\/et_pb_column][\/et_pb_row][et_pb_row column_structure=&#8221;1_2,1_2&#8243; _builder_version=&#8221;4.27.0&#8243; _module_preset=&#8221;default&#8221; custom_margin=&#8221;|auto|-5px|auto||&#8221; global_colors_info=&#8221;{}&#8221;][et_pb_column type=&#8221;1_2&#8243; _builder_version=&#8221;4.27.0&#8243; _module_preset=&#8221;default&#8221; global_colors_info=&#8221;{}&#8221;][et_pb_image src=&#8221;https:\/\/imagingpeace.org\/wp-content\/uploads\/2024\/08\/tracing.jpg&#8221; title_text=&#8221;tracing&#8221; show_in_lightbox=&#8221;on&#8221; align=&#8221;center&#8221; _builder_version=&#8221;4.27.0&#8243; _module_preset=&#8221;default&#8221; width=&#8221;100%&#8221; global_colors_info=&#8221;{}&#8221;][\/et_pb_image][\/et_pb_column][et_pb_column type=&#8221;1_2&#8243; _builder_version=&#8221;4.27.0&#8243; _module_preset=&#8221;default&#8221; global_colors_info=&#8221;{}&#8221;][et_pb_image src=&#8221;https:\/\/imagingpeace.org\/wp-content\/uploads\/2024\/08\/Joanne-Wave-Trauma.jpg&#8221; title_text=&#8221;Joanne-Wave-Trauma&#8221; show_in_lightbox=&#8221;on&#8221; align=&#8221;center&#8221; _builder_version=&#8221;4.27.0&#8243; _module_preset=&#8221;default&#8221; width=&#8221;94%&#8221; global_colors_info=&#8221;{}&#8221;][\/et_pb_image][\/et_pb_column][\/et_pb_row][et_pb_row _builder_version=&#8221;4.27.0&#8243; _module_preset=&#8221;default&#8221; custom_padding=&#8221;4px|||||&#8221; global_colors_info=&#8221;{}&#8221;][et_pb_column type=&#8221;4_4&#8243; _builder_version=&#8221;4.27.0&#8243; _module_preset=&#8221;default&#8221; global_colors_info=&#8221;{}&#8221;][et_pb_text _builder_version=&#8221;4.27.4&#8243; _module_preset=&#8221;default&#8221; text_font=&#8221;Actor|&#8211;et_global_body_font_weight|||||||&#8221; text_line_height=&#8221;1.8em&#8221; header_5_font=&#8221;Antic Slab|&#8211;et_global_heading_font_weight|||||||&#8221; header_5_font_size=&#8221;15px&#8221; custom_margin=&#8221;2px||||false|false&#8221; custom_padding=&#8221;2px|0px||0px||false&#8221; custom_padding_tablet=&#8221;2px|58px||259px||false&#8221; custom_padding_phone=&#8221;|||31px|false|false&#8221; custom_padding_last_edited=&#8221;on|phone&#8221; global_colors_info=&#8221;{}&#8221;]<\/p>\n<h5 class=\"p1\" style=\"text-align: center;\">Creaci\u00f3n de im\u00e1genes creativas con im\u00e1genes de archivo. Trabajo realizado por grupos comunitarios que trabajan con facilitadores de<em> Belfast Exposed<\/em> utilizando t\u00e9cnicas de collage y calco, donde los participantes calcan im\u00e1genes de archivo, las colorean y luego las fusionan con otras im\u00e1genes.<br \/><strong>\u00a9 P<\/strong><strong>articipantes de <\/strong><strong>Belfast Exposed\u00a0<\/strong><\/h5>\n<p>[\/et_pb_text][et_pb_text _builder_version=&#8221;4.27.0&#8243; _module_preset=&#8221;default&#8221; text_font=&#8221;&#8211;et_global_body_font|300|||||||&#8221; text_font_size=&#8221;22px&#8221; text_line_height=&#8221;1.2em&#8221; global_colors_info=&#8221;{}&#8221;]<\/p>\n<p>Desde el Acuerdo de Viernes Santo de 1998, las artes han sido vistas como un veh\u00edculo clave para construir la paz en Irlanda del Norte al desviar la atenci\u00f3n hacia la reconstrucci\u00f3n social, permitir la sanaci\u00f3n, contar la verdad y facilitar la reconciliaci\u00f3n comunitaria. Con Mervyn Smyth al frente de su trabajo comunitario durante tres d\u00e9cadas, <em>Belfast Exposed <\/em>ha sido un actor central en la escena art\u00edstica y de consolidaci\u00f3n de la paz de Irlanda del Norte, construyendo relaciones ampliadas con socios comunitarios y un profundo conocimiento de c\u00f3mo se puede aprovechar y adaptar la fotograf\u00eda para satisfacer las necesidades de las comunidades que se recuperan y reparan tras un conflicto.<\/p>\n<p>En los \u00faltimos a\u00f1os, el trabajo de fotograf\u00eda comunitaria de <em>Belfast Exposed<\/em> se ha centrado en proyectos de fotograf\u00eda terap\u00e9utica personalizados para personas y grupos que experimentan problemas de salud mental. Los estudios revelan altas tasas de trauma intergeneracional y relacionado con conflictos, trastorno de estr\u00e9s postraum\u00e1tico, enfermedades mentales, suicidio y trastornos por sustancias en Irlanda del Norte. Anteriormente considerado un tema tab\u00fa, muchos a quienes no se les hab\u00eda ofrecido apoyo de salud mental ahora buscan ayuda por traumas de larga duraci\u00f3n relacionados con el conflicto y problemas de salud mental intergeneracionales. La creciente demanda de servicios se agudiz\u00f3 por la pandemia de COVID.<\/p>\n<p>[\/et_pb_text][\/et_pb_column][\/et_pb_row][et_pb_row column_structure=&#8221;1_5,3_5,1_5&#8243; _builder_version=&#8221;4.27.0&#8243; _module_preset=&#8221;default&#8221; custom_padding=&#8221;4px|||||&#8221; global_colors_info=&#8221;{}&#8221;][et_pb_column type=&#8221;1_5&#8243; _builder_version=&#8221;4.27.0&#8243; _module_preset=&#8221;default&#8221; global_colors_info=&#8221;{}&#8221;][\/et_pb_column][et_pb_column type=&#8221;3_5&#8243; _builder_version=&#8221;4.27.0&#8243; _module_preset=&#8221;default&#8221; global_colors_info=&#8221;{}&#8221;][et_pb_image src=&#8221;https:\/\/imagingpeace.org\/wp-content\/uploads\/2024\/08\/Bobby-Final-Portrait.jpg&#8221; title_text=&#8221;Bobby-Final-Portrait&#8221; align=&#8221;center&#8221; _builder_version=&#8221;4.27.0&#8243; _module_preset=&#8221;default&#8221; custom_margin=&#8221;||17px|||&#8221; global_colors_info=&#8221;{}&#8221;][\/et_pb_image][et_pb_text _builder_version=&#8221;4.27.4&#8243; _module_preset=&#8221;default&#8221; text_font=&#8221;Actor|&#8211;et_global_body_font_weight|||||||&#8221; text_line_height=&#8221;1.4em&#8221; header_5_font=&#8221;Antic Slab|&#8211;et_global_heading_font_weight|||||||&#8221; header_5_text_align=&#8221;center&#8221; header_5_font_size=&#8221;15px&#8221; header_5_line_height=&#8221;1.2em&#8221; custom_margin=&#8221;2px||||false|false&#8221; custom_padding=&#8221;2px|58px||0px||false&#8221; custom_padding_tablet=&#8221;2px|58px||259px||false&#8221; custom_padding_phone=&#8221;|||31px|false|false&#8221; custom_padding_last_edited=&#8221;on|phone&#8221; global_colors_info=&#8221;{}&#8221;]<\/p>\n<h5 class=\"p1\" style=\"text-align: center;\">Autoretrato<br \/><strong>\u00a9 Bobby \/ Belfast Exposed<\/strong><\/h5>\n<p>[\/et_pb_text][\/et_pb_column][et_pb_column type=&#8221;1_5&#8243; _builder_version=&#8221;4.27.0&#8243; _module_preset=&#8221;default&#8221; global_colors_info=&#8221;{}&#8221;][\/et_pb_column][\/et_pb_row][et_pb_row _builder_version=&#8221;4.27.0&#8243; _module_preset=&#8221;default&#8221; custom_padding=&#8221;13px||7px|||&#8221; global_colors_info=&#8221;{}&#8221;][et_pb_column type=&#8221;4_4&#8243; _builder_version=&#8221;4.27.0&#8243; _module_preset=&#8221;default&#8221; global_colors_info=&#8221;{}&#8221;][et_pb_text _builder_version=&#8221;4.27.0&#8243; _module_preset=&#8221;default&#8221; text_font=&#8221;&#8211;et_global_body_font|300|||||||&#8221; text_font_size=&#8221;22px&#8221; text_line_height=&#8221;1.2em&#8221; custom_padding=&#8221;||11px|||&#8221; global_colors_info=&#8221;{}&#8221;]<\/p>\n<p>En el proyecto Open Eyes,<em> Belfast Exposed<\/em> ha estado trabajando con Northern Health and Social Care Trust de Irlanda del Norte, organizando talleres de fotograf\u00eda con personas en entornos de atenci\u00f3n primaria, como instituciones de salud mental, y con personas que reciben apoyo de la comunidad. Smyth ha desarrollado una t\u00e9cnica de &#8220;distracci\u00f3n e interrupci\u00f3n&#8221; en la que se utiliza la fotograf\u00eda para desviar la atenci\u00f3n de las personas de sus problemas de salud mental, cambiar su forma de pensar, expresar lo que sienten y reconstruir su bienestar mental. Tiene claro al diferenciar lo que hacen de la terapia formal. Los talleres incluyen paseos y salidas fotogr\u00e1ficas, retratos creativos, collages y otras formas de creaci\u00f3n de im\u00e1genes creativas.<\/p>\n<p>Los talleres se basan en gran medida en el archivo de<em> Belfast Exposed<\/em> de m\u00e1s de 1 mill\u00f3n de im\u00e1genes, tomadas por fot\u00f3grafos de <em>Belfast Exposed<\/em> y de sus proyectos comunitarios, para crear oportunidades para que las personas reflexionen sobre su pasado y vuelvan a imaginar su futuro. Las im\u00e1genes de archivo se utilizan para iniciar conversaciones y, en algunos proyectos, los participantes trabajan para reutilizarlas, interviniendo las im\u00e1genes usando collage, programas de edici\u00f3n de fotograf\u00edas, texto <span>o<\/span> superponi\u00e9ndolas con obras de arte, calcos y escritura.<\/p>\n<p>[\/et_pb_text][\/et_pb_column][\/et_pb_row][et_pb_row _builder_version=&#8221;4.27.0&#8243; _module_preset=&#8221;default&#8221; custom_padding=&#8221;4px|||||&#8221; global_colors_info=&#8221;{}&#8221;][et_pb_column type=&#8221;4_4&#8243; _builder_version=&#8221;4.27.0&#8243; _module_preset=&#8221;default&#8221; global_colors_info=&#8221;{}&#8221;][et_pb_image src=&#8221;https:\/\/imagingpeace.org\/wp-content\/uploads\/2024\/08\/Scott-sunset.jpg&#8221; title_text=&#8221;Scott-sunset&#8221; align=&#8221;center&#8221; _builder_version=&#8221;4.27.0&#8243; _module_preset=&#8221;default&#8221; custom_margin=&#8221;37px||7px|||&#8221; global_colors_info=&#8221;{}&#8221;][\/et_pb_image][et_pb_text _builder_version=&#8221;4.27.4&#8243; _module_preset=&#8221;default&#8221; text_font=&#8221;Actor|&#8211;et_global_body_font_weight|||||||&#8221; text_line_height=&#8221;1.8em&#8221; header_5_font=&#8221;Antic Slab|&#8211;et_global_heading_font_weight|||||||&#8221; header_5_font_size=&#8221;15px&#8221; custom_margin=&#8221;2px||||false|false&#8221; custom_padding=&#8221;2px|58px||259px||false&#8221; custom_padding_tablet=&#8221;2px|58px||259px||false&#8221; custom_padding_phone=&#8221;|||31px|false|false&#8221; custom_padding_last_edited=&#8221;on|phone&#8221; global_colors_info=&#8221;{}&#8221;]<\/p>\n<h5 class=\"p1\" style=\"text-align: right;\"><strong>Atardecer<\/strong><br \/><strong>\u00a9 Scott \/ Belfast Exposed<\/strong><\/h5>\n<p>[\/et_pb_text][\/et_pb_column][\/et_pb_row][et_pb_row column_structure=&#8221;1_5,3_5,1_5&#8243; _builder_version=&#8221;4.27.0&#8243; _module_preset=&#8221;default&#8221; background_color=&#8221;#EBEFE6&#8243; custom_margin=&#8221;1px|auto|61px|auto||&#8221; custom_padding=&#8221;91px|||||&#8221; global_colors_info=&#8221;{}&#8221;][et_pb_column type=&#8221;1_5&#8243; _builder_version=&#8221;4.27.0&#8243; _module_preset=&#8221;default&#8221; global_colors_info=&#8221;{}&#8221;][\/et_pb_column][et_pb_column type=&#8221;3_5&#8243; _builder_version=&#8221;4.27.0&#8243; _module_preset=&#8221;default&#8221; global_colors_info=&#8221;{}&#8221;][et_pb_testimonial author=&#8221;Mervyn Smyth&#8221; company_name=&#8221;Coordinador de participaci\u00f3n comunitaria&#8221; font_icon=&#8221;&#xf10e;||fa||900&#8243; use_icon_font_size=&#8221;on&#8221; _builder_version=&#8221;4.27.0&#8243; _module_preset=&#8221;default&#8221; body_font_size=&#8221;31px&#8221; body_line_height=&#8221;1.2em&#8221; author_font_size=&#8221;24px&#8221; author_line_height=&#8221;1.2em&#8221; custom_padding=&#8221;|0px||4px||&#8221; border_width_all=&#8221;0px&#8221; global_colors_info=&#8221;{}&#8221;]<\/p>\n<p style=\"text-align: center;\"><em>\u2018El proceso de producci\u00f3n de las im\u00e1genes es importante. Tienen que ser im\u00e1genes que signifiquen algo para ellos, de las que se sientan orgullosos y que les den sentido. Las toman en lugares que han elegido, o dise\u00f1an en su cabeza alg\u00fan sitio al que les gustar\u00eda ir. Crean las im\u00e1genes en su mente&#8230; y si piden ir a las pir\u00e1mides, utilizamos Photoshop y llevamos las pir\u00e1mides a su comunidad. El otro d\u00eda lo hicimos con unos chicos: llevamos las pir\u00e1mides a Polegrass&#8217;.<\/em><\/p>\n<p>[\/et_pb_testimonial][\/et_pb_column][et_pb_column type=&#8221;1_5&#8243; _builder_version=&#8221;4.27.0&#8243; _module_preset=&#8221;default&#8221; global_colors_info=&#8221;{}&#8221;][\/et_pb_column][\/et_pb_row][et_pb_row _builder_version=&#8221;4.27.0&#8243; _module_preset=&#8221;default&#8221; custom_padding=&#8221;4px|||||&#8221; global_colors_info=&#8221;{}&#8221;][et_pb_column type=&#8221;4_4&#8243; _builder_version=&#8221;4.27.0&#8243; _module_preset=&#8221;default&#8221; global_colors_info=&#8221;{}&#8221;][et_pb_image src=&#8221;https:\/\/imagingpeace.org\/wp-content\/uploads\/2024\/08\/disrupt.jpg&#8221; title_text=&#8221;disrupt&#8221; align=&#8221;center&#8221; _builder_version=&#8221;4.27.0&#8243; _module_preset=&#8221;default&#8221; custom_margin=&#8221;0px||7px|||&#8221; global_colors_info=&#8221;{}&#8221;][\/et_pb_image][et_pb_text _builder_version=&#8221;4.27.0&#8243; _module_preset=&#8221;default&#8221; text_font=&#8221;Actor|&#8211;et_global_body_font_weight|||||||&#8221; text_line_height=&#8221;1.8em&#8221; header_5_font=&#8221;Antic Slab|&#8211;et_global_heading_font_weight|||||||&#8221; header_5_font_size=&#8221;15px&#8221; custom_margin=&#8221;2px||||false|false&#8221; custom_padding=&#8221;2px|3px||0px||false&#8221; custom_padding_tablet=&#8221;2px|58px||259px||false&#8221; custom_padding_phone=&#8221;|||31px|false|false&#8221; custom_padding_last_edited=&#8221;on|phone&#8221; global_colors_info=&#8221;{}&#8221;]<\/p>\n<h5 style=\"text-align: right;\"><strong>Disrumpir<\/strong><br \/>Una imagen tomada de la carpeta de im\u00e1genes \u2018disrupci\u00f3n\u2019 de un participante en Belfast Exposed. Los participantes hacen fotos y luego seleccionan las im\u00e1genes que les hacen sentir bien, felices y orgullosos.<br \/><strong>\u00a9 Belfast Exposed<\/strong><\/h5>\n<p>[\/et_pb_text][\/et_pb_column][\/et_pb_row][et_pb_row _builder_version=&#8221;4.27.4&#8243; _module_preset=&#8221;default&#8221;][et_pb_column _builder_version=&#8221;4.27.4&#8243; _module_preset=&#8221;default&#8221; type=&#8221;4_4&#8243;][et_pb_menu menu_id=&#8221;10&#8243; menu_style=&#8221;centered&#8221; active_link_color=&#8221;#E09900&#8243; _builder_version=&#8221;4.27.0&#8243; _module_preset=&#8221;default&#8221; menu_font=&#8221;|||on|||||&#8221; menu_text_color=&#8221;#000000&#8243; global_colors_info=&#8221;{}&#8221; menu_font_size__hover_enabled=&#8221;off|desktop&#8221; theme_builder_area=&#8221;post_content&#8221;][\/et_pb_menu][\/et_pb_column][\/et_pb_row][\/et_pb_section]<\/p>\n","protected":false},"excerpt":{"rendered":"<p>PROJECTS | ENGLISH\u00a0 |\u00a0 ESPA\u00d1OL\u00a0 |\u00a0 FRAN\u00c7AISBelfast Exposed (ES)Pa\u00eds: Irlanda del Norte Participantes: Varios grupos comunitarios en Belfast e Irlanda del NorteJim fue soldado durante las d\u00e9cadas de violento conflicto en Irlanda del Norte, a menudo conocido como \u2018Los Troubles\u2019 en ingl\u00e9s. Sufr\u00eda de trastorno de estr\u00e9s postraum\u00e1tico (TEPT), tuvo una crisis nerviosa y trabaj\u00f3 [&hellip;]<\/p>\n","protected":false},"author":1,"featured_media":0,"parent":0,"menu_order":0,"comment_status":"closed","ping_status":"closed","template":"","meta":{"_et_pb_use_builder":"on","_et_pb_old_content":"<!-- wp:divi\/placeholder \/-->","_et_gb_content_width":"","footnotes":""},"class_list":["post-1336","page","type-page","status-publish","hentry"],"acf":[],"_links":{"self":[{"href":"https:\/\/imagingpeace.org\/index.php\/wp-json\/wp\/v2\/pages\/1336","targetHints":{"allow":["GET"]}}],"collection":[{"href":"https:\/\/imagingpeace.org\/index.php\/wp-json\/wp\/v2\/pages"}],"about":[{"href":"https:\/\/imagingpeace.org\/index.php\/wp-json\/wp\/v2\/types\/page"}],"author":[{"embeddable":true,"href":"https:\/\/imagingpeace.org\/index.php\/wp-json\/wp\/v2\/users\/1"}],"replies":[{"embeddable":true,"href":"https:\/\/imagingpeace.org\/index.php\/wp-json\/wp\/v2\/comments?post=1336"}],"version-history":[{"count":7,"href":"https:\/\/imagingpeace.org\/index.php\/wp-json\/wp\/v2\/pages\/1336\/revisions"}],"predecessor-version":[{"id":1889,"href":"https:\/\/imagingpeace.org\/index.php\/wp-json\/wp\/v2\/pages\/1336\/revisions\/1889"}],"wp:attachment":[{"href":"https:\/\/imagingpeace.org\/index.php\/wp-json\/wp\/v2\/media?parent=1336"}],"curies":[{"name":"wp","href":"https:\/\/api.w.org\/{rel}","templated":true}]}}