{"id":1308,"date":"2024-12-17T12:14:59","date_gmt":"2024-12-17T12:14:59","guid":{"rendered":"https:\/\/imagingpeace.org\/?page_id=1308"},"modified":"2025-01-18T13:44:06","modified_gmt":"2025-01-18T13:44:06","slug":"mir-es","status":"publish","type":"page","link":"https:\/\/imagingpeace.org\/index.php\/mir-es\/","title":{"rendered":"MIR ES"},"content":{"rendered":"<p>[et_pb_section fb_built=&#8221;1&#8243; _builder_version=&#8221;4.27.0&#8243; _module_preset=&#8221;default&#8221; custom_padding=&#8221;|148px||||&#8221; locked=&#8221;off&#8221; global_colors_info=&#8221;{}&#8221;][et_pb_row _builder_version=&#8221;4.27.4&#8243; _module_preset=&#8221;default&#8221; custom_padding=&#8221;18px||0px|||&#8221; locked=&#8221;off&#8221; global_colors_info=&#8221;{}&#8221;][et_pb_column type=&#8221;4_4&#8243; _builder_version=&#8221;4.27.4&#8243; _module_preset=&#8221;default&#8221; global_colors_info=&#8221;{}&#8221;][et_pb_text _builder_version=&#8221;4.27.4&#8243; _module_preset=&#8221;default&#8221; global_colors_info=&#8221;{}&#8221;]<\/p>\n<p><a href=\"https:\/\/imagingpeace.org\/index.php\/peace-photography-projects\/\">PROJECTS<\/a> | <a href=\"https:\/\/imagingpeace.org\/index.php\/mir\/\">ENGLISH<\/a>\u00a0 |\u00a0 <a href=\"https:\/\/imagingpeace.org\/index.php\/mir-es\/\" title=\"Esp\">ESPA\u00d1OL<\/a>\u00a0 |\u00a0 <a href=\"https:\/\/imagingpeace.org\/index.php\/mir-fr\/\">FRAN\u00c7AIS<\/a><\/p>\n<p>[\/et_pb_text][\/et_pb_column][\/et_pb_row][et_pb_row _builder_version=&#8221;4.27.0&#8243; _module_preset=&#8221;default&#8221; global_colors_info=&#8221;{}&#8221;][et_pb_column type=&#8221;4_4&#8243; _builder_version=&#8221;4.27.0&#8243; _module_preset=&#8221;default&#8221; global_colors_info=&#8221;{}&#8221;][et_pb_text admin_label=&#8221;Title&#8221; _builder_version=&#8221;4.27.0&#8243; _module_preset=&#8221;default&#8221; header_font_size=&#8221;54px&#8221; custom_margin=&#8221;||8px||false|false&#8221; global_colors_info=&#8221;{}&#8221;]<\/p>\n<h1 style=\"text-align: left;\"><strong>MIR (ES)<\/strong><\/h1>\n<p>[\/et_pb_text][et_pb_text admin_label=&#8221;Title&#8221; _builder_version=&#8221;4.27.4&#8243; _module_preset=&#8221;default&#8221; header_3_font_size=&#8221;24px&#8221; header_3_line_height=&#8221;0.8em&#8221; global_colors_info=&#8221;{}&#8221;]<\/p>\n<h3>Pa\u00eds:<strong> Bosnia-Herzegovina\u00a0<\/strong><\/h3>\n<h3>Participants: <strong><\/strong><strong>Corresponsales juveniles de Balkans Diskurs<\/strong><\/h3>\n<h3><a href=\"https:\/\/p-crc.org\/\" target=\"_blank\" rel=\"noopener\">P\u00e1gina web<\/a><\/h3>\n<p>[\/et_pb_text][\/et_pb_column][\/et_pb_row][et_pb_row _builder_version=&#8221;4.27.0&#8243; _module_preset=&#8221;default&#8221; width=&#8221;100%&#8221; max_width=&#8221;1700px&#8221; custom_padding=&#8221;2px||1px|||&#8221; global_colors_info=&#8221;{}&#8221;][et_pb_column type=&#8221;4_4&#8243; _builder_version=&#8221;4.27.0&#8243; _module_preset=&#8221;default&#8221; global_colors_info=&#8221;{}&#8221;][et_pb_slider _builder_version=&#8221;4.27.0&#8243; _module_preset=&#8221;default&#8221; custom_margin=&#8221;||18px|||&#8221; custom_padding=&#8221;||579px|||&#8221; global_colors_info=&#8221;{}&#8221;][et_pb_slide _builder_version=&#8221;4.27.0&#8243; _module_preset=&#8221;default&#8221; background_color=&#8221;#969696&#8243; background_enable_color=&#8221;on&#8221; background_image=&#8221;https:\/\/imagingpeace.org\/wp-content\/uploads\/2024\/08\/Horse_Man.jpg&#8221; background_enable_image=&#8221;on&#8221; width=&#8221;100%&#8221; width_tablet=&#8221;100%&#8221; width_phone=&#8221;0%&#8221; width_last_edited=&#8221;on|phone&#8221; max_width_tablet=&#8221;&#8221; max_width_phone=&#8221;100%&#8221; max_width_last_edited=&#8221;on|phone&#8221; global_colors_info=&#8221;{}&#8221; sticky_transition=&#8221;on&#8221;][\/et_pb_slide][\/et_pb_slider][\/et_pb_column][\/et_pb_row][et_pb_row _builder_version=&#8221;4.27.0&#8243; _module_preset=&#8221;default&#8221; custom_padding=&#8221;1px|||||&#8221; global_colors_info=&#8221;{}&#8221;][et_pb_column type=&#8221;4_4&#8243; _builder_version=&#8221;4.27.0&#8243; _module_preset=&#8221;default&#8221; global_colors_info=&#8221;{}&#8221;][et_pb_text _builder_version=&#8221;4.27.4&#8243; _module_preset=&#8221;default&#8221; text_font=&#8221;Actor|&#8211;et_global_body_font_weight|||||||&#8221; text_line_height=&#8221;1.8em&#8221; header_5_font=&#8221;Antic Slab|&#8211;et_global_heading_font_weight|||||||&#8221; header_5_font_size=&#8221;15px&#8221; custom_margin=&#8221;2px||||false|false&#8221; custom_padding=&#8221;|0px||58px||&#8221; global_colors_info=&#8221;{}&#8221;]<\/p>\n<h5 class=\"p1\" style=\"text-align: right;\">Irvin Muj\u010di\u0107, de 37 a\u00f1os, regres\u00f3 a Srebrenica en 2014 despu\u00e9s de haber sido exiliado por la fuerza cuando ten\u00eda 6 a\u00f1os durante la guerra. Su padre, que se qued\u00f3 en Srebrenica, fue asesinado durante el genocidio. Fund\u00f3 la Asociaci\u00f3n de Amigos de la Naturaleza en Srebrenica y comenz\u00f3 a organizar excursiones por los pueblos y a desarrollar el turismo rural. Se dedica a restaurar la comunidad local de Srebrenica celebrando su naturaleza intacta. Ahora ha construido su propia etnoaldea utilizando m\u00e9todos de construcci\u00f3n tradicionales, un asentamiento tur\u00edstico que se asemeja a los pueblos tradicionales bosnios y que tambi\u00e9n ofrece recorridos a pie y a caballo.<\/h5>\n<h5 style=\"text-align: right;\"><strong> \u00a9 Foto de Ahmedin Dozi\u0107 e historia de Edina \u0160e\u010di\u0107 \/ PCRC<\/strong><\/h5>\n<p>[\/et_pb_text][\/et_pb_column][\/et_pb_row][et_pb_row column_structure=&#8221;1_2,1_2&#8243; _builder_version=&#8221;4.27.0&#8243; _module_preset=&#8221;default&#8221; custom_padding=&#8221;24px||6px|||&#8221; global_colors_info=&#8221;{}&#8221;][et_pb_column type=&#8221;1_2&#8243; _builder_version=&#8221;4.27.0&#8243; _module_preset=&#8221;default&#8221; global_colors_info=&#8221;{}&#8221;][et_pb_text _builder_version=&#8221;4.27.4&#8243; _module_preset=&#8221;default&#8221; text_font=&#8221;&#8211;et_global_body_font|300|||||||&#8221; text_font_size=&#8221;22px&#8221; text_line_height=&#8221;1.2em&#8221; width=&#8221;100%&#8221; custom_padding=&#8221;35px|0px||||&#8221; global_colors_info=&#8221;{}&#8221;]<\/p>\n<p><em>MIR<\/em> es una revista anual publicada por el <strong><a href=\"https:\/\/p-crc.org\/\"><em>Centro de Investigaci\u00f3n Post Conflicto (PCRC)<\/em><\/a><\/strong><a href=\"https:\/\/p-crc.org\/\" target=\"_blank\" rel=\"noopener\"><strong>, <\/strong><\/a>una organizaci\u00f3n bosnia de consolidaci\u00f3n de la paz. Repleto de im\u00e1genes y art\u00edculos, contiene 56 historias que muestran la belleza del paisaje de Bosnia, la riqueza de su cultura y el esp\u00edritu empresarial creativo y la energ\u00eda de sus pueblos.<\/p>\n<p><em>PCRC<\/em> es una organizaci\u00f3n de consolidaci\u00f3n de la paz que ha estado aprovechando estrat\u00e9gicamente los medios visuales y multimedia creativos para fomentar una cultura de paz y coexistencia en Bosnia desde su creaci\u00f3n en 2011. Al participar en actividades de educaci\u00f3n para la paz, prevenci\u00f3n de conflictos, derechos humanos y medios participativos, la organizaci\u00f3n liderada por Bosnia produce pel\u00edculas, encarga exposiciones e iniciativas fotogr\u00e1ficas, alberga la plataforma de medios en l\u00ednea <em>Balkans Diskurs<\/em> y organiza festivales y obras de arte p\u00fablico. Todas sus actividades forjan narrativas que crean puntos en com\u00fan y fomentan el di\u00e1logo, la diversidad y la tolerancia en una Bosnia y Herzegovina dividida.<\/p>\n<p>M\u00e1s de 25 a\u00f1os despu\u00e9s del fin de la guerra y a pesar de los miles de millones invertidos en justicia transicional y mecanismos internacionales de consolidaci\u00f3n de la paz, la paz en Bosnia sigue siendo fr\u00e1gil. Las divisiones \u00e9tnicas entre los tres pueblos constituyentes se han arraigado, congeladas en la presidencia tripartita, el gobierno, los sistemas educativos y con agendas nacionalistas que alimentan la ret\u00f3rica separatista y obstruyen los esfuerzos de reconciliaci\u00f3n. Puntos de vista opuestos y contradictorios sobre la historia dominan los discursos p\u00fablicos, pol\u00edticos y medi\u00e1ticos, y muchos j\u00f3venes bosnios crecen con versiones selectivas e inherentemente divisivas del pasado en un pa\u00eds con una de las tasas de desempleo juvenil m\u00e1s altas del mundo.<\/p>\n<p>El <em>PRCR<\/em> utiliza medios multimedia creativos para abordar el contenido polarizador y negativo de los medios, la falta de modelos a seguir y centra sus esfuerzos en desarrollar la capacidad de los j\u00f3venes y contrarrestar la apat\u00eda y la desilusi\u00f3n de los j\u00f3venes. <a href=\"https:\/\/p-crc.org\/our-work\/peace-education\/ordinary-heroes\/\" target=\"_blank\" rel=\"noopener\"><em>Ordinary Heroes<\/em><\/a>, uno de sus proyectos emblem\u00e1ticos, cuenta las historias de personas que en tiempos de conflicto van contra la corriente para proteger y salvar a personas de diferentes grupos \u00e9tnicos y diferentes lados del conflicto. Cada a\u00f1o, PCRC lleva a cabo un programa de tutor\u00eda y capacitaci\u00f3n en medios para j\u00f3venes y sus corresponsales j\u00f3venes buscan historias de &#8216;h\u00e9roes ordinarios&#8217; dentro de sus propias comunidades para celebrar ejemplos de cooperaci\u00f3n inter\u00e9tnica y coraje moral.<\/p>\n<p>Lanzado en 2022, <em>MIR<\/em> muestra fotograf\u00edas e historias de corresponsales j\u00f3venes de <a href=\"https:\/\/balkandiskurs.com\/en\/\"><strong><em>Balkans Diskurs<\/em><\/strong><\/a>, narradores y agentes de cambio bosnios emergentes. Difundidos por todo el pa\u00eds, los art\u00edculos van desde historias sobre j\u00f3venes innovadores, creativos, exitosos y propietarios de negocios hasta viajes, proyectos musicales inter\u00e9tnicos y art\u00edculos sobre patrimonio cultural. Destacando historias positivas de j\u00f3venes bosnios que forjan nuevos futuros y ejemplos de colaboraci\u00f3n inter\u00e9tnica exitosa, la publicaci\u00f3n normaliza la coexistencia inter\u00e9tnica y presenta la diversidad como un signo de prosperidad que debe ser apreciado en lugar de un punto de controversia. Al proyectar una imagen de Bosnia orgullosa, din\u00e1mica y resiliente, las historias plurales de <em>MIR<\/em> muestran c\u00f3mo la coexistencia pac\u00edfica no s\u00f3lo es posible, sino que tambi\u00e9n pueden proporcionar las condiciones que permitan al pa\u00eds sostener la paz y prosperar.<\/p>\n<p>[\/et_pb_text][\/et_pb_column][et_pb_column type=&#8221;1_2&#8243; _builder_version=&#8221;4.27.0&#8243; _module_preset=&#8221;default&#8221; global_colors_info=&#8221;{}&#8221;][et_pb_image src=&#8221;https:\/\/imagingpeace.org\/wp-content\/uploads\/2024\/08\/ASBO-cover1.jpg&#8221; title_text=&#8221;ASBO-cover1&#8243; _builder_version=&#8221;4.27.0&#8243; _module_preset=&#8221;default&#8221; custom_margin=&#8221;||12px|||&#8221; global_colors_info=&#8221;{}&#8221;][\/et_pb_image][et_pb_text _builder_version=&#8221;4.27.4&#8243; _module_preset=&#8221;default&#8221; text_font=&#8221;Actor|&#8211;et_global_body_font_weight|||||||&#8221; text_line_height=&#8221;1.8em&#8221; header_5_font=&#8221;Antic Slab|&#8211;et_global_heading_font_weight|||||||&#8221; header_5_font_size=&#8221;15px&#8221; custom_margin=&#8221;2px||||false|false&#8221; custom_padding=&#8221;|0px||58px||&#8221; global_colors_info=&#8221;{}&#8221;]<\/p>\n<h5 class=\"p1\" style=\"text-align: right;\"><strong>Portada de la revista ASBO \/ PCRC<\/strong><\/h5>\n<p>[\/et_pb_text][et_pb_image src=&#8221;https:\/\/imagingpeace.org\/wp-content\/uploads\/2024\/08\/Mir3-copy-724&#215;1024.jpg&#8221; title_text=&#8221;Mir3 copy&#8221; _builder_version=&#8221;4.27.0&#8243; _module_preset=&#8221;default&#8221; custom_margin=&#8221;||17px|||&#8221; global_colors_info=&#8221;{}&#8221;][\/et_pb_image][et_pb_text _builder_version=&#8221;4.27.4&#8243; _module_preset=&#8221;default&#8221; text_font=&#8221;Actor|&#8211;et_global_body_font_weight|||||||&#8221; text_line_height=&#8221;1.8em&#8221; header_5_font=&#8221;Antic Slab|&#8211;et_global_heading_font_weight|||||||&#8221; header_5_font_size=&#8221;15px&#8221; custom_margin=&#8221;2px||||false|false&#8221; custom_padding=&#8221;|0px||58px||&#8221; global_colors_info=&#8221;{}&#8221;]<\/p>\n<h5 style=\"text-align: right;\"><strong>Portada de la revista MIR \/ PCRC<\/strong><\/h5>\n<p>[\/et_pb_text][\/et_pb_column][\/et_pb_row][et_pb_row column_structure=&#8221;1_2,1_2&#8243; _builder_version=&#8221;4.27.0&#8243; _module_preset=&#8221;default&#8221; custom_padding=&#8221;59px|||||&#8221; global_colors_info=&#8221;{}&#8221;][et_pb_column type=&#8221;1_2&#8243; _builder_version=&#8221;4.27.0&#8243; _module_preset=&#8221;default&#8221; global_colors_info=&#8221;{}&#8221;][et_pb_image src=&#8221;https:\/\/imagingpeace.org\/wp-content\/uploads\/2024\/08\/Ordinary-Hero-1.png&#8221; title_text=&#8221;Ordinary Hero 1&#8243; url=&#8221;https:\/\/balkandiskurs.com\/en\/2022\/12\/16\/a-retired-police-officer-from-zenica-mends-broken-relationships\/&#8221; url_new_window=&#8221;on&#8221; _builder_version=&#8221;4.27.0&#8243; _module_preset=&#8221;default&#8221; global_colors_info=&#8221;{}&#8221;][\/et_pb_image][et_pb_text _builder_version=&#8221;4.27.4&#8243; _module_preset=&#8221;default&#8221; text_font=&#8221;Actor|&#8211;et_global_body_font_weight|||||||&#8221; text_line_height=&#8221;1.8em&#8221; header_5_font=&#8221;Antic Slab|&#8211;et_global_heading_font_weight|||||||&#8221; header_5_font_size=&#8221;15px&#8221; header_5_letter_spacing=&#8221;0.7px&#8221; custom_margin=&#8221;2px||||false|false&#8221; custom_padding=&#8221;|1px||||&#8221; global_colors_info=&#8221;{}&#8221;]<\/p>\n<h5 class=\"p1\" style=\"text-align: left;\">Hanas Kova\u010devi\u0107 es un oficial de polic\u00eda retirado de Zenica que ha estado utilizando su experiencia policial y sus conexiones sociales para volver a conectar a amigos, conocidos y familias que han perdido el contacto como resultado de la guerra en Bosnia y Herzegovina (BiH) u otras complicaciones en tiempo de paz. Ha conectado a miles de personas o, como \u00e9l dice, ha \u201cresuelto casos\u201d. Este trabajo le ha dado fama incluso m\u00e1s all\u00e1 de las fronteras de Bosnia y Herzegovina.<\/h5>\n<h5 class=\"p1\" style=\"text-align: left;\"><strong>\u00a9 Selma Ma\u0161i\u0107 \/ PCRC<\/strong><\/h5>\n<p>[\/et_pb_text][\/et_pb_column][et_pb_column type=&#8221;1_2&#8243; _builder_version=&#8221;4.27.0&#8243; _module_preset=&#8221;default&#8221; global_colors_info=&#8221;{}&#8221;][et_pb_image src=&#8221;https:\/\/imagingpeace.org\/wp-content\/uploads\/2024\/08\/ordinary-Hero-2.jpg&#8221; title_text=&#8221;ordinary Hero 2&#8243; url=&#8221;https:\/\/balkandiskurs.com\/en\/2019\/01\/16\/my-disability-is-not-a-problem\/&#8221; url_new_window=&#8221;on&#8221; _builder_version=&#8221;4.27.0&#8243; _module_preset=&#8221;default&#8221; global_colors_info=&#8221;{}&#8221;][\/et_pb_image][et_pb_text _builder_version=&#8221;4.27.4&#8243; _module_preset=&#8221;default&#8221; text_font=&#8221;Actor|&#8211;et_global_body_font_weight|||||||&#8221; text_line_height=&#8221;1.8em&#8221; header_5_font=&#8221;Antic Slab|&#8211;et_global_heading_font_weight|||||||&#8221; header_5_font_size=&#8221;15px&#8221; custom_margin=&#8221;2px||||false|false&#8221; custom_padding=&#8221;|1px||||&#8221; global_colors_info=&#8221;{}&#8221;]<\/p>\n<h5 class=\"p1\" style=\"text-align: left;\">Merima Dervovi\u0107 de Visoko es estudiante de la Facultad de Filosof\u00eda, Departamento de Lengua y Literatura Italianas. Su objetivo principal es iniciar un di\u00e1logo abierto sobre los prejuicios contra las personas discapacitadas y los desaf\u00edos que enfrentan en la sociedad.<\/h5>\n<h5 class=\"p1\" style=\"text-align: left;\"><strong>\u00a9 Medina Rizanovi\u0107-Razi\u0107 \/ PCRC<\/strong><\/h5>\n<p>[\/et_pb_text][\/et_pb_column][\/et_pb_row][et_pb_row column_structure=&#8221;1_5,3_5,1_5&#8243; _builder_version=&#8221;4.27.0&#8243; _module_preset=&#8221;default&#8221; background_color=&#8221;#EBEFE6&#8243; custom_margin=&#8221;46px|auto|61px|auto||&#8221; custom_padding=&#8221;91px|||||&#8221; global_colors_info=&#8221;{}&#8221;][et_pb_column type=&#8221;1_5&#8243; _builder_version=&#8221;4.27.0&#8243; _module_preset=&#8221;default&#8221; global_colors_info=&#8221;{}&#8221;][\/et_pb_column][et_pb_column type=&#8221;3_5&#8243; _builder_version=&#8221;4.27.0&#8243; _module_preset=&#8221;default&#8221; global_colors_info=&#8221;{}&#8221;][et_pb_testimonial author=&#8221;Velma Sar\u00edc&#8221; company_name=&#8221;fundadora y presidenta de PCRC y editora jefe de MIR.&#8221; font_icon=&#8221;&#xf10e;||fa||900&#8243; use_icon_font_size=&#8221;on&#8221; _builder_version=&#8221;4.27.4&#8243; _module_preset=&#8221;default&#8221; body_font_size=&#8221;31px&#8221; body_line_height=&#8221;1.2em&#8221; author_font_size=&#8221;24px&#8221; author_line_height=&#8221;1.2em&#8221; custom_padding=&#8221;|0px||4px||&#8221; border_width_all=&#8221;0px&#8221; global_colors_info=&#8221;{}&#8221;]<\/p>\n<p style=\"text-align: center;\">&#8216;Las historias dicen que si la paz es posible en una peque\u00f1a escala, entonces es posible a gran escala&#8217;.<\/p>\n<p>[\/et_pb_testimonial][\/et_pb_column][et_pb_column type=&#8221;1_5&#8243; _builder_version=&#8221;4.27.0&#8243; _module_preset=&#8221;default&#8221; global_colors_info=&#8221;{}&#8221;][\/et_pb_column][\/et_pb_row][et_pb_row _builder_version=&#8221;4.27.0&#8243; _module_preset=&#8221;default&#8221; width=&#8221;94%&#8221; max_width=&#8221;1476px&#8221; custom_padding=&#8221;5px|||||&#8221; global_colors_info=&#8221;{}&#8221;][et_pb_column type=&#8221;4_4&#8243; _builder_version=&#8221;4.27.0&#8243; _module_preset=&#8221;default&#8221; global_colors_info=&#8221;{}&#8221;][et_pb_image src=&#8221;https:\/\/imagingpeace.org\/wp-content\/uploads\/2024\/08\/Kaftan-0081.jpg&#8221; title_text=&#8221;Kaftan-0081&#8243; align=&#8221;center&#8221; _builder_version=&#8221;4.27.0&#8243; _module_preset=&#8221;default&#8221; global_colors_info=&#8221;{}&#8221;][\/et_pb_image][\/et_pb_column][\/et_pb_row][et_pb_row _builder_version=&#8221;4.27.0&#8243; _module_preset=&#8221;default&#8221; custom_padding=&#8221;0px||5px|||&#8221; global_colors_info=&#8221;{}&#8221;][et_pb_column type=&#8221;4_4&#8243; _builder_version=&#8221;4.27.0&#8243; _module_preset=&#8221;default&#8221; global_colors_info=&#8221;{}&#8221;][et_pb_text _builder_version=&#8221;4.27.4&#8243; _module_preset=&#8221;default&#8221; text_font=&#8221;Actor|&#8211;et_global_body_font_weight|||||||&#8221; text_line_height=&#8221;1.8em&#8221; header_5_font=&#8221;Antic Slab|&#8211;et_global_heading_font_weight|||||||&#8221; header_5_font_size=&#8221;15px&#8221; custom_margin=&#8221;2px||||false|false&#8221; custom_padding=&#8221;|26px||58px||&#8221; global_colors_info=&#8221;{}&#8221;]<\/p>\n<h5 style=\"text-align: right;\">Hermanas, Nermina Hod\u017ei\u0107 y Emina Hod\u017ei\u0107 Adilovi\u0107, fundaron la marca de dise\u00f1o Kaftan Studio, cuyas piezas de calidad son conocidas por sus reconocibles dise\u00f1os expresivos. Han alcanzado el \u00e9xito internacional, han lucido en las alfombras rojas de los Oscar y han aparecido en las principales revistas de moda. Su \u00faltima colecci\u00f3n se inspir\u00f3 en mujeres \u00fanicas y valientes. Kaftan Studio encarna la libertad de elecci\u00f3n, la tolerancia, el respeto por la diversidad, la comprensi\u00f3n mutua, el amor y la aceptaci\u00f3n a trav\u00e9s de su trabajo creativo. Para las hermanas, su trabajo es una especie de manifiesto por la libertad.<\/h5>\n<h5 style=\"text-align: right;\"><strong>\u00a9 Foto de <span>Jasmin Agovi\u0107<\/span> e historia de An\u0111ela Kne\u017eevi\u0107<\/strong><\/h5>\n<p>[\/et_pb_text][\/et_pb_column][\/et_pb_row][et_pb_row _builder_version=&#8221;4.27.4&#8243; _module_preset=&#8221;default&#8221; global_colors_info=&#8221;{}&#8221;][et_pb_column type=&#8221;4_4&#8243; _builder_version=&#8221;4.27.4&#8243; _module_preset=&#8221;default&#8221; global_colors_info=&#8221;{}&#8221;][et_pb_menu menu_id=&#8221;10&#8243; menu_style=&#8221;centered&#8221; active_link_color=&#8221;#E09900&#8243; _builder_version=&#8221;4.27.0&#8243; _module_preset=&#8221;default&#8221; menu_font=&#8221;|||on|||||&#8221; menu_text_color=&#8221;#000000&#8243; global_colors_info=&#8221;{}&#8221; menu_font_size__hover_enabled=&#8221;off|desktop&#8221;][\/et_pb_menu][\/et_pb_column][\/et_pb_row][\/et_pb_section]<\/p>\n","protected":false},"excerpt":{"rendered":"<p>PROJECTS | ENGLISH\u00a0 |\u00a0 ESPA\u00d1OL\u00a0 |\u00a0 FRAN\u00c7AISMIR (ES)Pa\u00eds: Bosnia-Herzegovina\u00a0 Participants: Corresponsales juveniles de Balkans Diskurs P\u00e1gina webIrvin Muj\u010di\u0107, de 37 a\u00f1os, regres\u00f3 a Srebrenica en 2014 despu\u00e9s de haber sido exiliado por la fuerza cuando ten\u00eda 6 a\u00f1os durante la guerra. Su padre, que se qued\u00f3 en Srebrenica, fue asesinado durante el genocidio. Fund\u00f3 la [&hellip;]<\/p>\n","protected":false},"author":1,"featured_media":0,"parent":0,"menu_order":0,"comment_status":"closed","ping_status":"closed","template":"","meta":{"_et_pb_use_builder":"on","_et_pb_old_content":"<!-- wp:divi\/placeholder \/-->","_et_gb_content_width":"","footnotes":""},"class_list":["post-1308","page","type-page","status-publish","hentry"],"acf":[],"_links":{"self":[{"href":"https:\/\/imagingpeace.org\/index.php\/wp-json\/wp\/v2\/pages\/1308","targetHints":{"allow":["GET"]}}],"collection":[{"href":"https:\/\/imagingpeace.org\/index.php\/wp-json\/wp\/v2\/pages"}],"about":[{"href":"https:\/\/imagingpeace.org\/index.php\/wp-json\/wp\/v2\/types\/page"}],"author":[{"embeddable":true,"href":"https:\/\/imagingpeace.org\/index.php\/wp-json\/wp\/v2\/users\/1"}],"replies":[{"embeddable":true,"href":"https:\/\/imagingpeace.org\/index.php\/wp-json\/wp\/v2\/comments?post=1308"}],"version-history":[{"count":7,"href":"https:\/\/imagingpeace.org\/index.php\/wp-json\/wp\/v2\/pages\/1308\/revisions"}],"predecessor-version":[{"id":1857,"href":"https:\/\/imagingpeace.org\/index.php\/wp-json\/wp\/v2\/pages\/1308\/revisions\/1857"}],"wp:attachment":[{"href":"https:\/\/imagingpeace.org\/index.php\/wp-json\/wp\/v2\/media?parent=1308"}],"curies":[{"name":"wp","href":"https:\/\/api.w.org\/{rel}","templated":true}]}}